{"id":10587,"date":"2024-02-22T14:52:59","date_gmt":"2024-02-22T13:52:59","guid":{"rendered":"https:\/\/chateaumeillant.fr\/?page_id=10587"},"modified":"2024-02-27T11:18:58","modified_gmt":"2024-02-27T10:18:58","slug":"retrospective-2023","status":"publish","type":"page","link":"https:\/\/chateaumeillant.fr\/index.php\/retrospective-2023\/","title":{"rendered":"R\u00e9trospective 2023"},"content":{"rendered":"\t\t<div data-elementor-type=\"wp-page\" data-elementor-id=\"10587\" class=\"elementor elementor-10587\" data-elementor-post-type=\"page\">\n\t\t\t\t\t\t<section class=\"elementor-section elementor-top-section elementor-element elementor-element-1c87c10 elementor-section-boxed elementor-section-height-default elementor-section-height-default\" data-id=\"1c87c10\" data-element_type=\"section\">\n\t\t\t\t\t\t<div class=\"elementor-container elementor-column-gap-default\">\n\t\t\t\t\t<div class=\"elementor-column elementor-col-100 elementor-top-column elementor-element elementor-element-9c8fc1c\" data-id=\"9c8fc1c\" data-element_type=\"column\">\n\t\t\t<div class=\"elementor-widget-wrap elementor-element-populated\">\n\t\t\t\t\t\t<div class=\"elementor-element elementor-element-7e8c10c elementor-widget elementor-widget-gallery\" data-id=\"7e8c10c\" data-element_type=\"widget\" data-settings=\"{&quot;aspect_ratio&quot;:&quot;1:1&quot;,&quot;columns_mobile&quot;:2,&quot;lazyload&quot;:&quot;yes&quot;,&quot;gallery_layout&quot;:&quot;grid&quot;,&quot;columns&quot;:4,&quot;columns_tablet&quot;:2,&quot;gap&quot;:{&quot;unit&quot;:&quot;px&quot;,&quot;size&quot;:10,&quot;sizes&quot;:[]},&quot;gap_tablet&quot;:{&quot;unit&quot;:&quot;px&quot;,&quot;size&quot;:10,&quot;sizes&quot;:[]},&quot;gap_mobile&quot;:{&quot;unit&quot;:&quot;px&quot;,&quot;size&quot;:10,&quot;sizes&quot;:[]},&quot;link_to&quot;:&quot;file&quot;,&quot;overlay_background&quot;:&quot;yes&quot;,&quot;content_hover_animation&quot;:&quot;fade-in&quot;}\" data-widget_type=\"gallery.default\">\n\t\t\t\t<div class=\"elementor-widget-container\">\n\t\t\t\t\t\t\t<div class=\"elementor-gallery__container\">\n\t\t\t\t\t\t\t<a class=\"e-gallery-item elementor-gallery-item elementor-animated-content\" href=\"https:\/\/chateaumeillant.fr\/wp-content\/uploads\/2024\/02\/A0anvier.jpg\" data-elementor-open-lightbox=\"yes\" data-elementor-lightbox-slideshow=\"7e8c10c\" data-elementor-lightbox-title=\"A0)anvier\" data-e-action-hash=\"#elementor-action%3Aaction%3Dlightbox%26settings%3DeyJpZCI6MTA1ODgsInVybCI6Imh0dHBzOlwvXC9jaGF0ZWF1bWVpbGxhbnQuZnJcL3dwLWNvbnRlbnRcL3VwbG9hZHNcLzIwMjRcLzAyXC9BMGFudmllci5qcGciLCJzbGlkZXNob3ciOiI3ZThjMTBjIn0%3D\">\n\t\t\t\t\t<div class=\"e-gallery-image elementor-gallery-item__image\" data-thumbnail=\"https:\/\/chateaumeillant.fr\/wp-content\/uploads\/2024\/02\/A0anvier-300x300.jpg\" data-width=\"300\" data-height=\"300\" aria-label=\"\" role=\"img\" ><\/div>\n\t\t\t\t\t\t\t\t\t\t\t<div class=\"elementor-gallery-item__overlay\"><\/div>\n\t\t\t\t\t\t\t\t\t\t\t\t\t\t<\/a>\n\t\t\t\t\t\t\t<a class=\"e-gallery-item elementor-gallery-item elementor-animated-content\" href=\"https:\/\/chateaumeillant.fr\/wp-content\/uploads\/2024\/02\/A1-15-janvier-Lasso-Chateaumeillant-Nature-fait-connaitre-les-fours-a-chaux-de-la-commune.jpg\" data-elementor-open-lightbox=\"yes\" data-elementor-lightbox-slideshow=\"7e8c10c\" data-elementor-lightbox-title=\"A1) 15 janvier L&#039;asso Ch\u00e2teaumeillant Nature fait connaitre les fours \u00e0 chaux de la commune\" data-e-action-hash=\"#elementor-action%3Aaction%3Dlightbox%26settings%3DeyJpZCI6MTA1ODksInVybCI6Imh0dHBzOlwvXC9jaGF0ZWF1bWVpbGxhbnQuZnJcL3dwLWNvbnRlbnRcL3VwbG9hZHNcLzIwMjRcLzAyXC9BMS0xNS1qYW52aWVyLUxhc3NvLUNoYXRlYXVtZWlsbGFudC1OYXR1cmUtZmFpdC1jb25uYWl0cmUtbGVzLWZvdXJzLWEtY2hhdXgtZGUtbGEtY29tbXVuZS5qcGciLCJzbGlkZXNob3ciOiI3ZThjMTBjIn0%3D\">\n\t\t\t\t\t<div class=\"e-gallery-image elementor-gallery-item__image\" data-thumbnail=\"https:\/\/chateaumeillant.fr\/wp-content\/uploads\/2024\/02\/A1-15-janvier-Lasso-Chateaumeillant-Nature-fait-connaitre-les-fours-a-chaux-de-la-commune.jpg\" data-width=\"225\" data-height=\"225\" aria-label=\"\" role=\"img\" ><\/div>\n\t\t\t\t\t\t\t\t\t\t\t<div class=\"elementor-gallery-item__overlay\"><\/div>\n\t\t\t\t\t\t\t\t\t\t\t\t\t\t<\/a>\n\t\t\t\t\t\t\t<a class=\"e-gallery-item elementor-gallery-item elementor-animated-content\" href=\"https:\/\/chateaumeillant.fr\/wp-content\/uploads\/2024\/02\/B0-Fevrier.jpg\" data-elementor-open-lightbox=\"yes\" data-elementor-lightbox-slideshow=\"7e8c10c\" data-elementor-lightbox-title=\"B0) Fevrier\" data-e-action-hash=\"#elementor-action%3Aaction%3Dlightbox%26settings%3DeyJpZCI6MTA1OTQsInVybCI6Imh0dHBzOlwvXC9jaGF0ZWF1bWVpbGxhbnQuZnJcL3dwLWNvbnRlbnRcL3VwbG9hZHNcLzIwMjRcLzAyXC9CMC1GZXZyaWVyLmpwZyIsInNsaWRlc2hvdyI6IjdlOGMxMGMifQ%3D%3D\">\n\t\t\t\t\t<div class=\"e-gallery-image elementor-gallery-item__image\" data-thumbnail=\"https:\/\/chateaumeillant.fr\/wp-content\/uploads\/2024\/02\/B0-Fevrier-300x300.jpg\" data-width=\"300\" data-height=\"300\" aria-label=\"\" role=\"img\" ><\/div>\n\t\t\t\t\t\t\t\t\t\t\t<div class=\"elementor-gallery-item__overlay\"><\/div>\n\t\t\t\t\t\t\t\t\t\t\t\t\t\t<\/a>\n\t\t\t\t\t\t\t<a class=\"e-gallery-item elementor-gallery-item elementor-animated-content\" href=\"https:\/\/chateaumeillant.fr\/wp-content\/uploads\/2024\/02\/B1-15-fevrier-Spectacle-de-Varietes-1.jpg\" data-elementor-open-lightbox=\"yes\" data-elementor-lightbox-slideshow=\"7e8c10c\" data-elementor-lightbox-title=\"B1) 15 f\u00e9vrier Spectacle de Vari\u00e9t\u00e9s\" data-e-action-hash=\"#elementor-action%3Aaction%3Dlightbox%26settings%3DeyJpZCI6MTA1OTUsInVybCI6Imh0dHBzOlwvXC9jaGF0ZWF1bWVpbGxhbnQuZnJcL3dwLWNvbnRlbnRcL3VwbG9hZHNcLzIwMjRcLzAyXC9CMS0xNS1mZXZyaWVyLVNwZWN0YWNsZS1kZS1WYXJpZXRlcy0xLmpwZyIsInNsaWRlc2hvdyI6IjdlOGMxMGMifQ%3D%3D\">\n\t\t\t\t\t<div class=\"e-gallery-image elementor-gallery-item__image\" data-thumbnail=\"https:\/\/chateaumeillant.fr\/wp-content\/uploads\/2024\/02\/B1-15-fevrier-Spectacle-de-Varietes-1-300x300.jpg\" data-width=\"300\" data-height=\"300\" aria-label=\"\" role=\"img\" ><\/div>\n\t\t\t\t\t\t\t\t\t\t\t<div class=\"elementor-gallery-item__overlay\"><\/div>\n\t\t\t\t\t\t\t\t\t\t\t\t\t\t<\/a>\n\t\t\t\t\t\t\t<a class=\"e-gallery-item elementor-gallery-item elementor-animated-content\" href=\"https:\/\/chateaumeillant.fr\/wp-content\/uploads\/2024\/02\/B2-16-fevrier-des-Vendredis-Culturels-tout-au-long-de-lannee-1.jpg\" data-elementor-open-lightbox=\"yes\" data-elementor-lightbox-slideshow=\"7e8c10c\" data-elementor-lightbox-title=\"B2) 16 f\u00e9vrier des Vendredis Culturels tout au long de l&#039;ann\u00e9e\" data-e-action-hash=\"#elementor-action%3Aaction%3Dlightbox%26settings%3DeyJpZCI6MTA1OTYsInVybCI6Imh0dHBzOlwvXC9jaGF0ZWF1bWVpbGxhbnQuZnJcL3dwLWNvbnRlbnRcL3VwbG9hZHNcLzIwMjRcLzAyXC9CMi0xNi1mZXZyaWVyLWRlcy1WZW5kcmVkaXMtQ3VsdHVyZWxzLXRvdXQtYXUtbG9uZy1kZS1sYW5uZWUtMS5qcGciLCJzbGlkZXNob3ciOiI3ZThjMTBjIn0%3D\">\n\t\t\t\t\t<div class=\"e-gallery-image elementor-gallery-item__image\" data-thumbnail=\"https:\/\/chateaumeillant.fr\/wp-content\/uploads\/2024\/02\/B2-16-fevrier-des-Vendredis-Culturels-tout-au-long-de-lannee-1-300x300.jpg\" data-width=\"300\" data-height=\"300\" aria-label=\"\" role=\"img\" ><\/div>\n\t\t\t\t\t\t\t\t\t\t\t<div class=\"elementor-gallery-item__overlay\"><\/div>\n\t\t\t\t\t\t\t\t\t\t\t\t\t\t<\/a>\n\t\t\t\t\t\t\t<a class=\"e-gallery-item elementor-gallery-item elementor-animated-content\" href=\"https:\/\/chateaumeillant.fr\/wp-content\/uploads\/2024\/02\/C0-Mars.jpg\" data-elementor-open-lightbox=\"yes\" data-elementor-lightbox-slideshow=\"7e8c10c\" data-elementor-lightbox-title=\"C0) Mars\" data-e-action-hash=\"#elementor-action%3Aaction%3Dlightbox%26settings%3DeyJpZCI6MTA1OTcsInVybCI6Imh0dHBzOlwvXC9jaGF0ZWF1bWVpbGxhbnQuZnJcL3dwLWNvbnRlbnRcL3VwbG9hZHNcLzIwMjRcLzAyXC9DMC1NYXJzLmpwZyIsInNsaWRlc2hvdyI6IjdlOGMxMGMifQ%3D%3D\">\n\t\t\t\t\t<div class=\"e-gallery-image elementor-gallery-item__image\" data-thumbnail=\"https:\/\/chateaumeillant.fr\/wp-content\/uploads\/2024\/02\/C0-Mars-300x300.jpg\" data-width=\"300\" data-height=\"300\" aria-label=\"\" role=\"img\" ><\/div>\n\t\t\t\t\t\t\t\t\t\t\t<div class=\"elementor-gallery-item__overlay\"><\/div>\n\t\t\t\t\t\t\t\t\t\t\t\t\t\t<\/a>\n\t\t\t\t\t\t\t<a class=\"e-gallery-item elementor-gallery-item elementor-animated-content\" href=\"https:\/\/chateaumeillant.fr\/wp-content\/uploads\/2024\/02\/C3-17-mars-Carnaval-des-Ecoles-1.jpg\" data-elementor-open-lightbox=\"yes\" data-elementor-lightbox-slideshow=\"7e8c10c\" data-elementor-lightbox-title=\"C3) 17 mars Carnaval des Ecoles\" data-e-action-hash=\"#elementor-action%3Aaction%3Dlightbox%26settings%3DeyJpZCI6MTA2MDAsInVybCI6Imh0dHBzOlwvXC9jaGF0ZWF1bWVpbGxhbnQuZnJcL3dwLWNvbnRlbnRcL3VwbG9hZHNcLzIwMjRcLzAyXC9DMy0xNy1tYXJzLUNhcm5hdmFsLWRlcy1FY29sZXMtMS5qcGciLCJzbGlkZXNob3ciOiI3ZThjMTBjIn0%3D\">\n\t\t\t\t\t<div class=\"e-gallery-image elementor-gallery-item__image\" data-thumbnail=\"https:\/\/chateaumeillant.fr\/wp-content\/uploads\/2024\/02\/C3-17-mars-Carnaval-des-Ecoles-1-300x300.jpg\" data-width=\"300\" data-height=\"300\" aria-label=\"\" role=\"img\" ><\/div>\n\t\t\t\t\t\t\t\t\t\t\t<div class=\"elementor-gallery-item__overlay\"><\/div>\n\t\t\t\t\t\t\t\t\t\t\t\t\t\t<\/a>\n\t\t\t\t\t\t\t<a class=\"e-gallery-item elementor-gallery-item elementor-animated-content\" href=\"https:\/\/chateaumeillant.fr\/wp-content\/uploads\/2024\/02\/C4-18-mars-Porte-ouverte-a-la-caserne-des-Pompiers-1.jpg\" data-elementor-open-lightbox=\"yes\" data-elementor-lightbox-slideshow=\"7e8c10c\" data-elementor-lightbox-title=\"C4) 18 mars Porte ouverte \u00e0 la caserne des Pompiers\" data-e-action-hash=\"#elementor-action%3Aaction%3Dlightbox%26settings%3DeyJpZCI6MTA2MDEsInVybCI6Imh0dHBzOlwvXC9jaGF0ZWF1bWVpbGxhbnQuZnJcL3dwLWNvbnRlbnRcL3VwbG9hZHNcLzIwMjRcLzAyXC9DNC0xOC1tYXJzLVBvcnRlLW91dmVydGUtYS1sYS1jYXNlcm5lLWRlcy1Qb21waWVycy0xLmpwZyIsInNsaWRlc2hvdyI6IjdlOGMxMGMifQ%3D%3D\">\n\t\t\t\t\t<div class=\"e-gallery-image elementor-gallery-item__image\" data-thumbnail=\"https:\/\/chateaumeillant.fr\/wp-content\/uploads\/2024\/02\/C4-18-mars-Porte-ouverte-a-la-caserne-des-Pompiers-1-300x300.jpg\" data-width=\"300\" data-height=\"300\" aria-label=\"\" role=\"img\" ><\/div>\n\t\t\t\t\t\t\t\t\t\t\t<div class=\"elementor-gallery-item__overlay\"><\/div>\n\t\t\t\t\t\t\t\t\t\t\t\t\t\t<\/a>\n\t\t\t\t\t\t\t<a class=\"e-gallery-item elementor-gallery-item elementor-animated-content\" href=\"https:\/\/chateaumeillant.fr\/wp-content\/uploads\/2024\/02\/D0-Avril.jpg\" data-elementor-open-lightbox=\"yes\" data-elementor-lightbox-slideshow=\"7e8c10c\" data-elementor-lightbox-title=\"D0) Avril\" data-e-action-hash=\"#elementor-action%3Aaction%3Dlightbox%26settings%3DeyJpZCI6MTA2MDMsInVybCI6Imh0dHBzOlwvXC9jaGF0ZWF1bWVpbGxhbnQuZnJcL3dwLWNvbnRlbnRcL3VwbG9hZHNcLzIwMjRcLzAyXC9EMC1BdnJpbC5qcGciLCJzbGlkZXNob3ciOiI3ZThjMTBjIn0%3D\">\n\t\t\t\t\t<div class=\"e-gallery-image elementor-gallery-item__image\" data-thumbnail=\"https:\/\/chateaumeillant.fr\/wp-content\/uploads\/2024\/02\/D0-Avril-300x300.jpg\" data-width=\"300\" data-height=\"300\" aria-label=\"\" role=\"img\" ><\/div>\n\t\t\t\t\t\t\t\t\t\t\t<div class=\"elementor-gallery-item__overlay\"><\/div>\n\t\t\t\t\t\t\t\t\t\t\t\t\t\t<\/a>\n\t\t\t\t\t\t\t<a class=\"e-gallery-item elementor-gallery-item elementor-animated-content\" href=\"https:\/\/chateaumeillant.fr\/wp-content\/uploads\/2024\/02\/D1-8-avril-soiree-musicale-de-la-Foire-aux-Vins-1.jpg\" data-elementor-open-lightbox=\"yes\" data-elementor-lightbox-slideshow=\"7e8c10c\" data-elementor-lightbox-title=\"D1) 8 avril soir\u00e9e musicale de la Foire aux Vins\" data-e-action-hash=\"#elementor-action%3Aaction%3Dlightbox%26settings%3DeyJpZCI6MTA2MDQsInVybCI6Imh0dHBzOlwvXC9jaGF0ZWF1bWVpbGxhbnQuZnJcL3dwLWNvbnRlbnRcL3VwbG9hZHNcLzIwMjRcLzAyXC9EMS04LWF2cmlsLXNvaXJlZS1tdXNpY2FsZS1kZS1sYS1Gb2lyZS1hdXgtVmlucy0xLmpwZyIsInNsaWRlc2hvdyI6IjdlOGMxMGMifQ%3D%3D\">\n\t\t\t\t\t<div class=\"e-gallery-image elementor-gallery-item__image\" data-thumbnail=\"https:\/\/chateaumeillant.fr\/wp-content\/uploads\/2024\/02\/D1-8-avril-soiree-musicale-de-la-Foire-aux-Vins-1-300x300.jpg\" data-width=\"300\" data-height=\"300\" aria-label=\"\" role=\"img\" ><\/div>\n\t\t\t\t\t\t\t\t\t\t\t<div class=\"elementor-gallery-item__overlay\"><\/div>\n\t\t\t\t\t\t\t\t\t\t\t\t\t\t<\/a>\n\t\t\t\t\t\t\t<a class=\"e-gallery-item elementor-gallery-item elementor-animated-content\" href=\"https:\/\/chateaumeillant.fr\/wp-content\/uploads\/2024\/02\/D2-10-avril-Election-de-la-Reine-lors-de-la-Foire-aux-Vins-1.jpg\" data-elementor-open-lightbox=\"yes\" data-elementor-lightbox-slideshow=\"7e8c10c\" data-elementor-lightbox-title=\"D2) 10 avril Election de la Reine lors de la Foire aux Vins\" data-e-action-hash=\"#elementor-action%3Aaction%3Dlightbox%26settings%3DeyJpZCI6MTA2MDUsInVybCI6Imh0dHBzOlwvXC9jaGF0ZWF1bWVpbGxhbnQuZnJcL3dwLWNvbnRlbnRcL3VwbG9hZHNcLzIwMjRcLzAyXC9EMi0xMC1hdnJpbC1FbGVjdGlvbi1kZS1sYS1SZWluZS1sb3JzLWRlLWxhLUZvaXJlLWF1eC1WaW5zLTEuanBnIiwic2xpZGVzaG93IjoiN2U4YzEwYyJ9\">\n\t\t\t\t\t<div class=\"e-gallery-image elementor-gallery-item__image\" data-thumbnail=\"https:\/\/chateaumeillant.fr\/wp-content\/uploads\/2024\/02\/D2-10-avril-Election-de-la-Reine-lors-de-la-Foire-aux-Vins-1-300x300.jpg\" data-width=\"300\" data-height=\"300\" aria-label=\"\" role=\"img\" ><\/div>\n\t\t\t\t\t\t\t\t\t\t\t<div class=\"elementor-gallery-item__overlay\"><\/div>\n\t\t\t\t\t\t\t\t\t\t\t\t\t\t<\/a>\n\t\t\t\t\t\t\t<a class=\"e-gallery-item elementor-gallery-item elementor-animated-content\" href=\"https:\/\/chateaumeillant.fr\/wp-content\/uploads\/2024\/02\/E0-Mai.jpg\" data-elementor-open-lightbox=\"yes\" data-elementor-lightbox-slideshow=\"7e8c10c\" data-elementor-lightbox-title=\"E0) Mai\" data-e-action-hash=\"#elementor-action%3Aaction%3Dlightbox%26settings%3DeyJpZCI6MTA2MDksInVybCI6Imh0dHBzOlwvXC9jaGF0ZWF1bWVpbGxhbnQuZnJcL3dwLWNvbnRlbnRcL3VwbG9hZHNcLzIwMjRcLzAyXC9FMC1NYWkuanBnIiwic2xpZGVzaG93IjoiN2U4YzEwYyJ9\">\n\t\t\t\t\t<div class=\"e-gallery-image elementor-gallery-item__image\" data-thumbnail=\"https:\/\/chateaumeillant.fr\/wp-content\/uploads\/2024\/02\/E0-Mai-300x300.jpg\" data-width=\"300\" data-height=\"300\" aria-label=\"\" role=\"img\" ><\/div>\n\t\t\t\t\t\t\t\t\t\t\t<div class=\"elementor-gallery-item__overlay\"><\/div>\n\t\t\t\t\t\t\t\t\t\t\t\t\t\t<\/a>\n\t\t\t\t\t\t\t<a class=\"e-gallery-item elementor-gallery-item elementor-animated-content\" href=\"https:\/\/chateaumeillant.fr\/wp-content\/uploads\/2024\/02\/E2-8-mai-recueil-Place-Resistance-avec-les-enfants-des-ecoles-1.jpg\" data-elementor-open-lightbox=\"yes\" data-elementor-lightbox-slideshow=\"7e8c10c\" data-elementor-lightbox-title=\"E2) 8 mai recueil Place R\u00e9sistance avec les enfants des \u00e9coles\" data-e-action-hash=\"#elementor-action%3Aaction%3Dlightbox%26settings%3DeyJpZCI6MTA2MTEsInVybCI6Imh0dHBzOlwvXC9jaGF0ZWF1bWVpbGxhbnQuZnJcL3dwLWNvbnRlbnRcL3VwbG9hZHNcLzIwMjRcLzAyXC9FMi04LW1haS1yZWN1ZWlsLVBsYWNlLVJlc2lzdGFuY2UtYXZlYy1sZXMtZW5mYW50cy1kZXMtZWNvbGVzLTEuanBnIiwic2xpZGVzaG93IjoiN2U4YzEwYyJ9\">\n\t\t\t\t\t<div class=\"e-gallery-image elementor-gallery-item__image\" data-thumbnail=\"https:\/\/chateaumeillant.fr\/wp-content\/uploads\/2024\/02\/E2-8-mai-recueil-Place-Resistance-avec-les-enfants-des-ecoles-1-300x300.jpg\" data-width=\"300\" data-height=\"300\" aria-label=\"\" role=\"img\" ><\/div>\n\t\t\t\t\t\t\t\t\t\t\t<div class=\"elementor-gallery-item__overlay\"><\/div>\n\t\t\t\t\t\t\t\t\t\t\t\t\t\t<\/a>\n\t\t\t\t\t\t\t<a class=\"e-gallery-item elementor-gallery-item elementor-animated-content\" href=\"https:\/\/chateaumeillant.fr\/wp-content\/uploads\/2024\/02\/E3-13-mai-exposition-Cataclop-par-les-maternelles-1.jpg\" data-elementor-open-lightbox=\"yes\" data-elementor-lightbox-slideshow=\"7e8c10c\" data-elementor-lightbox-title=\"E3) 13 mai exposition Cataclop par les maternelles\" data-e-action-hash=\"#elementor-action%3Aaction%3Dlightbox%26settings%3DeyJpZCI6MTA2MTIsInVybCI6Imh0dHBzOlwvXC9jaGF0ZWF1bWVpbGxhbnQuZnJcL3dwLWNvbnRlbnRcL3VwbG9hZHNcLzIwMjRcLzAyXC9FMy0xMy1tYWktZXhwb3NpdGlvbi1DYXRhY2xvcC1wYXItbGVzLW1hdGVybmVsbGVzLTEuanBnIiwic2xpZGVzaG93IjoiN2U4YzEwYyJ9\">\n\t\t\t\t\t<div class=\"e-gallery-image elementor-gallery-item__image\" data-thumbnail=\"https:\/\/chateaumeillant.fr\/wp-content\/uploads\/2024\/02\/E3-13-mai-exposition-Cataclop-par-les-maternelles-1-300x300.jpg\" data-width=\"300\" data-height=\"300\" aria-label=\"\" role=\"img\" ><\/div>\n\t\t\t\t\t\t\t\t\t\t\t<div class=\"elementor-gallery-item__overlay\"><\/div>\n\t\t\t\t\t\t\t\t\t\t\t\t\t\t<\/a>\n\t\t\t\t\t\t\t<a class=\"e-gallery-item elementor-gallery-item elementor-animated-content\" href=\"https:\/\/chateaumeillant.fr\/wp-content\/uploads\/2024\/02\/E6-21-mai-Foire-a-Tout-1.jpg\" data-elementor-open-lightbox=\"yes\" data-elementor-lightbox-slideshow=\"7e8c10c\" data-elementor-lightbox-title=\"E6) 21 mai Foire \u00e0 Tout\" data-e-action-hash=\"#elementor-action%3Aaction%3Dlightbox%26settings%3DeyJpZCI6MTA2MTUsInVybCI6Imh0dHBzOlwvXC9jaGF0ZWF1bWVpbGxhbnQuZnJcL3dwLWNvbnRlbnRcL3VwbG9hZHNcLzIwMjRcLzAyXC9FNi0yMS1tYWktRm9pcmUtYS1Ub3V0LTEuanBnIiwic2xpZGVzaG93IjoiN2U4YzEwYyJ9\">\n\t\t\t\t\t<div class=\"e-gallery-image elementor-gallery-item__image\" data-thumbnail=\"https:\/\/chateaumeillant.fr\/wp-content\/uploads\/2024\/02\/E6-21-mai-Foire-a-Tout-1-300x300.jpg\" data-width=\"300\" data-height=\"300\" aria-label=\"\" role=\"img\" ><\/div>\n\t\t\t\t\t\t\t\t\t\t\t<div class=\"elementor-gallery-item__overlay\"><\/div>\n\t\t\t\t\t\t\t\t\t\t\t\t\t\t<\/a>\n\t\t\t\t\t\t\t<a class=\"e-gallery-item elementor-gallery-item elementor-animated-content\" href=\"https:\/\/chateaumeillant.fr\/wp-content\/uploads\/2024\/02\/F0-Juin.jpg\" data-elementor-open-lightbox=\"yes\" data-elementor-lightbox-slideshow=\"7e8c10c\" data-elementor-lightbox-title=\"F0) Juin\" data-e-action-hash=\"#elementor-action%3Aaction%3Dlightbox%26settings%3DeyJpZCI6MTA2MTcsInVybCI6Imh0dHBzOlwvXC9jaGF0ZWF1bWVpbGxhbnQuZnJcL3dwLWNvbnRlbnRcL3VwbG9hZHNcLzIwMjRcLzAyXC9GMC1KdWluLmpwZyIsInNsaWRlc2hvdyI6IjdlOGMxMGMifQ%3D%3D\">\n\t\t\t\t\t<div class=\"e-gallery-image elementor-gallery-item__image\" data-thumbnail=\"https:\/\/chateaumeillant.fr\/wp-content\/uploads\/2024\/02\/F0-Juin-300x300.jpg\" data-width=\"300\" data-height=\"300\" aria-label=\"\" role=\"img\" ><\/div>\n\t\t\t\t\t\t\t\t\t\t\t<div class=\"elementor-gallery-item__overlay\"><\/div>\n\t\t\t\t\t\t\t\t\t\t\t\t\t\t<\/a>\n\t\t\t\t\t\t\t<a class=\"e-gallery-item elementor-gallery-item elementor-animated-content\" href=\"https:\/\/chateaumeillant.fr\/wp-content\/uploads\/2024\/02\/F1-3-juin-Journee-Pilotage-Moto-par-la-Gendarmerie-1.jpg\" data-elementor-open-lightbox=\"yes\" data-elementor-lightbox-slideshow=\"7e8c10c\" data-elementor-lightbox-title=\"F1) 3 juin Journ\u00e9e Pilotage Moto par la Gendarmerie\" data-e-action-hash=\"#elementor-action%3Aaction%3Dlightbox%26settings%3DeyJpZCI6MTA2MTgsInVybCI6Imh0dHBzOlwvXC9jaGF0ZWF1bWVpbGxhbnQuZnJcL3dwLWNvbnRlbnRcL3VwbG9hZHNcLzIwMjRcLzAyXC9GMS0zLWp1aW4tSm91cm5lZS1QaWxvdGFnZS1Nb3RvLXBhci1sYS1HZW5kYXJtZXJpZS0xLmpwZyIsInNsaWRlc2hvdyI6IjdlOGMxMGMifQ%3D%3D\">\n\t\t\t\t\t<div class=\"e-gallery-image elementor-gallery-item__image\" data-thumbnail=\"https:\/\/chateaumeillant.fr\/wp-content\/uploads\/2024\/02\/F1-3-juin-Journee-Pilotage-Moto-par-la-Gendarmerie-1-300x300.jpg\" data-width=\"300\" data-height=\"300\" aria-label=\"\" role=\"img\" ><\/div>\n\t\t\t\t\t\t\t\t\t\t\t<div class=\"elementor-gallery-item__overlay\"><\/div>\n\t\t\t\t\t\t\t\t\t\t\t\t\t\t<\/a>\n\t\t\t\t\t\t\t<a class=\"e-gallery-item elementor-gallery-item elementor-animated-content\" href=\"https:\/\/chateaumeillant.fr\/wp-content\/uploads\/2024\/02\/G0-Juillet.jpg\" data-elementor-open-lightbox=\"yes\" data-elementor-lightbox-slideshow=\"7e8c10c\" data-elementor-lightbox-title=\"G0) Juillet\" data-e-action-hash=\"#elementor-action%3Aaction%3Dlightbox%26settings%3DeyJpZCI6MTA2MjUsInVybCI6Imh0dHBzOlwvXC9jaGF0ZWF1bWVpbGxhbnQuZnJcL3dwLWNvbnRlbnRcL3VwbG9hZHNcLzIwMjRcLzAyXC9HMC1KdWlsbGV0LmpwZyIsInNsaWRlc2hvdyI6IjdlOGMxMGMifQ%3D%3D\">\n\t\t\t\t\t<div class=\"e-gallery-image elementor-gallery-item__image\" data-thumbnail=\"https:\/\/chateaumeillant.fr\/wp-content\/uploads\/2024\/02\/G0-Juillet-300x300.jpg\" data-width=\"300\" data-height=\"300\" aria-label=\"\" role=\"img\" ><\/div>\n\t\t\t\t\t\t\t\t\t\t\t<div class=\"elementor-gallery-item__overlay\"><\/div>\n\t\t\t\t\t\t\t\t\t\t\t\t\t\t<\/a>\n\t\t\t\t\t\t\t<a class=\"e-gallery-item elementor-gallery-item elementor-animated-content\" href=\"https:\/\/chateaumeillant.fr\/wp-content\/uploads\/2024\/02\/G1-1er-juillet-Les-Echappees-a-Velo-1.jpg\" data-elementor-open-lightbox=\"yes\" data-elementor-lightbox-slideshow=\"7e8c10c\" data-elementor-lightbox-title=\"G1) 1er juillet Les Echapp\u00e9es \u00e0 V\u00e9lo\" data-e-action-hash=\"#elementor-action%3Aaction%3Dlightbox%26settings%3DeyJpZCI6MTA2MjYsInVybCI6Imh0dHBzOlwvXC9jaGF0ZWF1bWVpbGxhbnQuZnJcL3dwLWNvbnRlbnRcL3VwbG9hZHNcLzIwMjRcLzAyXC9HMS0xZXItanVpbGxldC1MZXMtRWNoYXBwZWVzLWEtVmVsby0xLmpwZyIsInNsaWRlc2hvdyI6IjdlOGMxMGMifQ%3D%3D\">\n\t\t\t\t\t<div class=\"e-gallery-image elementor-gallery-item__image\" data-thumbnail=\"https:\/\/chateaumeillant.fr\/wp-content\/uploads\/2024\/02\/G1-1er-juillet-Les-Echappees-a-Velo-1-300x300.jpg\" data-width=\"300\" data-height=\"300\" aria-label=\"\" role=\"img\" ><\/div>\n\t\t\t\t\t\t\t\t\t\t\t<div class=\"elementor-gallery-item__overlay\"><\/div>\n\t\t\t\t\t\t\t\t\t\t\t\t\t\t<\/a>\n\t\t\t\t\t\t\t<a class=\"e-gallery-item elementor-gallery-item elementor-animated-content\" href=\"https:\/\/chateaumeillant.fr\/wp-content\/uploads\/2024\/02\/G2-2-juillet-Bienvenue-aux-nouveaux-arrivants-1.jpg\" data-elementor-open-lightbox=\"yes\" data-elementor-lightbox-slideshow=\"7e8c10c\" data-elementor-lightbox-title=\"G2) 2 juillet Bienvenue aux nouveaux arrivants\" data-e-action-hash=\"#elementor-action%3Aaction%3Dlightbox%26settings%3DeyJpZCI6MTA2MjcsInVybCI6Imh0dHBzOlwvXC9jaGF0ZWF1bWVpbGxhbnQuZnJcL3dwLWNvbnRlbnRcL3VwbG9hZHNcLzIwMjRcLzAyXC9HMi0yLWp1aWxsZXQtQmllbnZlbnVlLWF1eC1ub3V2ZWF1eC1hcnJpdmFudHMtMS5qcGciLCJzbGlkZXNob3ciOiI3ZThjMTBjIn0%3D\">\n\t\t\t\t\t<div class=\"e-gallery-image elementor-gallery-item__image\" data-thumbnail=\"https:\/\/chateaumeillant.fr\/wp-content\/uploads\/2024\/02\/G2-2-juillet-Bienvenue-aux-nouveaux-arrivants-1-300x300.jpg\" data-width=\"300\" data-height=\"300\" aria-label=\"\" role=\"img\" ><\/div>\n\t\t\t\t\t\t\t\t\t\t\t<div class=\"elementor-gallery-item__overlay\"><\/div>\n\t\t\t\t\t\t\t\t\t\t\t\t\t\t<\/a>\n\t\t\t\t\t\t\t<a class=\"e-gallery-item elementor-gallery-item elementor-animated-content\" href=\"https:\/\/chateaumeillant.fr\/wp-content\/uploads\/2024\/02\/G8-14-juillet-diner-sous-les-ramees-Place-Guyot-1.jpg\" data-elementor-open-lightbox=\"yes\" data-elementor-lightbox-slideshow=\"7e8c10c\" data-elementor-lightbox-title=\"G8) 14 juillet diner sous les ram\u00e9es Place Guyot\" data-e-action-hash=\"#elementor-action%3Aaction%3Dlightbox%26settings%3DeyJpZCI6MTA2MzMsInVybCI6Imh0dHBzOlwvXC9jaGF0ZWF1bWVpbGxhbnQuZnJcL3dwLWNvbnRlbnRcL3VwbG9hZHNcLzIwMjRcLzAyXC9HOC0xNC1qdWlsbGV0LWRpbmVyLXNvdXMtbGVzLXJhbWVlcy1QbGFjZS1HdXlvdC0xLmpwZyIsInNsaWRlc2hvdyI6IjdlOGMxMGMifQ%3D%3D\">\n\t\t\t\t\t<div class=\"e-gallery-image elementor-gallery-item__image\" data-thumbnail=\"https:\/\/chateaumeillant.fr\/wp-content\/uploads\/2024\/02\/G8-14-juillet-diner-sous-les-ramees-Place-Guyot-1-300x300.jpg\" data-width=\"300\" data-height=\"300\" aria-label=\"\" role=\"img\" ><\/div>\n\t\t\t\t\t\t\t\t\t\t\t<div class=\"elementor-gallery-item__overlay\"><\/div>\n\t\t\t\t\t\t\t\t\t\t\t\t\t\t<\/a>\n\t\t\t\t\t\t\t<a class=\"e-gallery-item elementor-gallery-item elementor-animated-content\" href=\"https:\/\/chateaumeillant.fr\/wp-content\/uploads\/2024\/02\/G9-14-juillet-spectacle-Laser-Place-Guyot.jpg\" data-elementor-open-lightbox=\"yes\" data-elementor-lightbox-slideshow=\"7e8c10c\" data-elementor-lightbox-title=\"G9) 14 juillet spectacle Laser Place Guyot\" data-e-action-hash=\"#elementor-action%3Aaction%3Dlightbox%26settings%3DeyJpZCI6MTA2MzQsInVybCI6Imh0dHBzOlwvXC9jaGF0ZWF1bWVpbGxhbnQuZnJcL3dwLWNvbnRlbnRcL3VwbG9hZHNcLzIwMjRcLzAyXC9HOS0xNC1qdWlsbGV0LXNwZWN0YWNsZS1MYXNlci1QbGFjZS1HdXlvdC5qcGciLCJzbGlkZXNob3ciOiI3ZThjMTBjIn0%3D\">\n\t\t\t\t\t<div class=\"e-gallery-image elementor-gallery-item__image\" data-thumbnail=\"https:\/\/chateaumeillant.fr\/wp-content\/uploads\/2024\/02\/G9-14-juillet-spectacle-Laser-Place-Guyot-300x300.jpg\" data-width=\"300\" data-height=\"300\" aria-label=\"\" role=\"img\" ><\/div>\n\t\t\t\t\t\t\t\t\t\t\t<div class=\"elementor-gallery-item__overlay\"><\/div>\n\t\t\t\t\t\t\t\t\t\t\t\t\t\t<\/a>\n\t\t\t\t\t\t\t<a class=\"e-gallery-item elementor-gallery-item elementor-animated-content\" href=\"https:\/\/chateaumeillant.fr\/wp-content\/uploads\/2024\/02\/H2-19-juillet-Lecture-theatralisee-dans-le-jardin-du-musee-1.jpg\" data-elementor-open-lightbox=\"yes\" data-elementor-lightbox-slideshow=\"7e8c10c\" data-elementor-lightbox-title=\"H2) 19 juillet Lecture th\u00e9\u00e2tralis\u00e9e dans le jardin du mus\u00e9e\" data-e-action-hash=\"#elementor-action%3Aaction%3Dlightbox%26settings%3DeyJpZCI6MTA2MzYsInVybCI6Imh0dHBzOlwvXC9jaGF0ZWF1bWVpbGxhbnQuZnJcL3dwLWNvbnRlbnRcL3VwbG9hZHNcLzIwMjRcLzAyXC9IMi0xOS1qdWlsbGV0LUxlY3R1cmUtdGhlYXRyYWxpc2VlLWRhbnMtbGUtamFyZGluLWR1LW11c2VlLTEuanBnIiwic2xpZGVzaG93IjoiN2U4YzEwYyJ9\">\n\t\t\t\t\t<div class=\"e-gallery-image elementor-gallery-item__image\" data-thumbnail=\"https:\/\/chateaumeillant.fr\/wp-content\/uploads\/2024\/02\/H2-19-juillet-Lecture-theatralisee-dans-le-jardin-du-musee-1-300x300.jpg\" data-width=\"300\" data-height=\"300\" aria-label=\"\" role=\"img\" ><\/div>\n\t\t\t\t\t\t\t\t\t\t\t<div class=\"elementor-gallery-item__overlay\"><\/div>\n\t\t\t\t\t\t\t\t\t\t\t\t\t\t<\/a>\n\t\t\t\t\t\t\t<a class=\"e-gallery-item elementor-gallery-item elementor-animated-content\" href=\"https:\/\/chateaumeillant.fr\/wp-content\/uploads\/2024\/02\/J0-septembre.jpg\" data-elementor-open-lightbox=\"yes\" data-elementor-lightbox-slideshow=\"7e8c10c\" data-elementor-lightbox-title=\"J0) septembre\" data-e-action-hash=\"#elementor-action%3Aaction%3Dlightbox%26settings%3DeyJpZCI6MTA2MzksInVybCI6Imh0dHBzOlwvXC9jaGF0ZWF1bWVpbGxhbnQuZnJcL3dwLWNvbnRlbnRcL3VwbG9hZHNcLzIwMjRcLzAyXC9KMC1zZXB0ZW1icmUuanBnIiwic2xpZGVzaG93IjoiN2U4YzEwYyJ9\">\n\t\t\t\t\t<div class=\"e-gallery-image elementor-gallery-item__image\" data-thumbnail=\"https:\/\/chateaumeillant.fr\/wp-content\/uploads\/2024\/02\/J0-septembre-300x300.jpg\" data-width=\"300\" data-height=\"300\" aria-label=\"\" role=\"img\" ><\/div>\n\t\t\t\t\t\t\t\t\t\t\t<div class=\"elementor-gallery-item__overlay\"><\/div>\n\t\t\t\t\t\t\t\t\t\t\t\t\t\t<\/a>\n\t\t\t\t\t\t\t<a class=\"e-gallery-item elementor-gallery-item elementor-animated-content\" href=\"https:\/\/chateaumeillant.fr\/wp-content\/uploads\/2024\/02\/J1-3-septembre-fete-des-Grattons-Marche-artisanal-et-exposition-de-vehicules-de-collection-1.jpg\" data-elementor-open-lightbox=\"yes\" data-elementor-lightbox-slideshow=\"7e8c10c\" data-elementor-lightbox-title=\"J1) 3 septembre, f\u00eate des Grattons, March\u00e9 artisanal et exposition de v\u00e9hicules de collection\" data-e-action-hash=\"#elementor-action%3Aaction%3Dlightbox%26settings%3DeyJpZCI6MTA2NDAsInVybCI6Imh0dHBzOlwvXC9jaGF0ZWF1bWVpbGxhbnQuZnJcL3dwLWNvbnRlbnRcL3VwbG9hZHNcLzIwMjRcLzAyXC9KMS0zLXNlcHRlbWJyZS1mZXRlLWRlcy1HcmF0dG9ucy1NYXJjaGUtYXJ0aXNhbmFsLWV0LWV4cG9zaXRpb24tZGUtdmVoaWN1bGVzLWRlLWNvbGxlY3Rpb24tMS5qcGciLCJzbGlkZXNob3ciOiI3ZThjMTBjIn0%3D\">\n\t\t\t\t\t<div class=\"e-gallery-image elementor-gallery-item__image\" data-thumbnail=\"https:\/\/chateaumeillant.fr\/wp-content\/uploads\/2024\/02\/J1-3-septembre-fete-des-Grattons-Marche-artisanal-et-exposition-de-vehicules-de-collection-1-300x300.jpg\" data-width=\"300\" data-height=\"300\" aria-label=\"\" role=\"img\" ><\/div>\n\t\t\t\t\t\t\t\t\t\t\t<div class=\"elementor-gallery-item__overlay\"><\/div>\n\t\t\t\t\t\t\t\t\t\t\t\t\t\t<\/a>\n\t\t\t\t\t\t\t<a class=\"e-gallery-item elementor-gallery-item elementor-animated-content\" href=\"https:\/\/chateaumeillant.fr\/wp-content\/uploads\/2024\/02\/J3-4-septembre-Fetes-des-Grattons-Les-Bandas-1.jpg\" data-elementor-open-lightbox=\"yes\" data-elementor-lightbox-slideshow=\"7e8c10c\" data-elementor-lightbox-title=\"J3) 4 septembre F\u00eates des Grattons, Les Bandas\" data-e-action-hash=\"#elementor-action%3Aaction%3Dlightbox%26settings%3DeyJpZCI6MTA2NDIsInVybCI6Imh0dHBzOlwvXC9jaGF0ZWF1bWVpbGxhbnQuZnJcL3dwLWNvbnRlbnRcL3VwbG9hZHNcLzIwMjRcLzAyXC9KMy00LXNlcHRlbWJyZS1GZXRlcy1kZXMtR3JhdHRvbnMtTGVzLUJhbmRhcy0xLmpwZyIsInNsaWRlc2hvdyI6IjdlOGMxMGMifQ%3D%3D\">\n\t\t\t\t\t<div class=\"e-gallery-image elementor-gallery-item__image\" data-thumbnail=\"https:\/\/chateaumeillant.fr\/wp-content\/uploads\/2024\/02\/J3-4-septembre-Fetes-des-Grattons-Les-Bandas-1.jpg\" data-width=\"225\" data-height=\"225\" aria-label=\"\" role=\"img\" ><\/div>\n\t\t\t\t\t\t\t\t\t\t\t<div class=\"elementor-gallery-item__overlay\"><\/div>\n\t\t\t\t\t\t\t\t\t\t\t\t\t\t<\/a>\n\t\t\t\t\t\t\t<a class=\"e-gallery-item elementor-gallery-item elementor-animated-content\" href=\"https:\/\/chateaumeillant.fr\/wp-content\/uploads\/2024\/02\/K0-octobre.jpg\" data-elementor-open-lightbox=\"yes\" data-elementor-lightbox-slideshow=\"7e8c10c\" data-elementor-lightbox-title=\"K0) octobre\" data-e-action-hash=\"#elementor-action%3Aaction%3Dlightbox%26settings%3DeyJpZCI6MTA2NDYsInVybCI6Imh0dHBzOlwvXC9jaGF0ZWF1bWVpbGxhbnQuZnJcL3dwLWNvbnRlbnRcL3VwbG9hZHNcLzIwMjRcLzAyXC9LMC1vY3RvYnJlLmpwZyIsInNsaWRlc2hvdyI6IjdlOGMxMGMifQ%3D%3D\">\n\t\t\t\t\t<div class=\"e-gallery-image elementor-gallery-item__image\" data-thumbnail=\"https:\/\/chateaumeillant.fr\/wp-content\/uploads\/2024\/02\/K0-octobre-300x300.jpg\" data-width=\"300\" data-height=\"300\" aria-label=\"\" role=\"img\" ><\/div>\n\t\t\t\t\t\t\t\t\t\t\t<div class=\"elementor-gallery-item__overlay\"><\/div>\n\t\t\t\t\t\t\t\t\t\t\t\t\t\t<\/a>\n\t\t\t\t\t\t\t<a class=\"e-gallery-item elementor-gallery-item elementor-animated-content\" href=\"https:\/\/chateaumeillant.fr\/wp-content\/uploads\/2024\/02\/K1-7-octobre-animation-a-la-bibliotheque-1.jpg\" data-elementor-open-lightbox=\"yes\" data-elementor-lightbox-slideshow=\"7e8c10c\" data-elementor-lightbox-title=\"K1) 7 octobre animation \u00e0 la biblioth\u00e8que\" data-e-action-hash=\"#elementor-action%3Aaction%3Dlightbox%26settings%3DeyJpZCI6MTA2NDcsInVybCI6Imh0dHBzOlwvXC9jaGF0ZWF1bWVpbGxhbnQuZnJcL3dwLWNvbnRlbnRcL3VwbG9hZHNcLzIwMjRcLzAyXC9LMS03LW9jdG9icmUtYW5pbWF0aW9uLWEtbGEtYmlibGlvdGhlcXVlLTEuanBnIiwic2xpZGVzaG93IjoiN2U4YzEwYyJ9\">\n\t\t\t\t\t<div class=\"e-gallery-image elementor-gallery-item__image\" data-thumbnail=\"https:\/\/chateaumeillant.fr\/wp-content\/uploads\/2024\/02\/K1-7-octobre-animation-a-la-bibliotheque-1-300x300.jpg\" data-width=\"300\" data-height=\"300\" aria-label=\"\" role=\"img\" ><\/div>\n\t\t\t\t\t\t\t\t\t\t\t<div class=\"elementor-gallery-item__overlay\"><\/div>\n\t\t\t\t\t\t\t\t\t\t\t\t\t\t<\/a>\n\t\t\t\t\t\t\t<a class=\"e-gallery-item elementor-gallery-item elementor-animated-content\" href=\"https:\/\/chateaumeillant.fr\/wp-content\/uploads\/2024\/02\/K2-20-octobre-Mise-en-place-de-la-decoration-automnale-1.jpg\" data-elementor-open-lightbox=\"yes\" data-elementor-lightbox-slideshow=\"7e8c10c\" data-elementor-lightbox-title=\"K2) 20 octobre Mise en place de la d\u00e9coration automnale\" data-e-action-hash=\"#elementor-action%3Aaction%3Dlightbox%26settings%3DeyJpZCI6MTA2NDgsInVybCI6Imh0dHBzOlwvXC9jaGF0ZWF1bWVpbGxhbnQuZnJcL3dwLWNvbnRlbnRcL3VwbG9hZHNcLzIwMjRcLzAyXC9LMi0yMC1vY3RvYnJlLU1pc2UtZW4tcGxhY2UtZGUtbGEtZGVjb3JhdGlvbi1hdXRvbW5hbGUtMS5qcGciLCJzbGlkZXNob3ciOiI3ZThjMTBjIn0%3D\">\n\t\t\t\t\t<div class=\"e-gallery-image elementor-gallery-item__image\" data-thumbnail=\"https:\/\/chateaumeillant.fr\/wp-content\/uploads\/2024\/02\/K2-20-octobre-Mise-en-place-de-la-decoration-automnale-1-300x300.jpg\" data-width=\"300\" data-height=\"300\" aria-label=\"\" role=\"img\" ><\/div>\n\t\t\t\t\t\t\t\t\t\t\t<div class=\"elementor-gallery-item__overlay\"><\/div>\n\t\t\t\t\t\t\t\t\t\t\t\t\t\t<\/a>\n\t\t\t\t\t\t\t<a class=\"e-gallery-item elementor-gallery-item elementor-animated-content\" href=\"https:\/\/chateaumeillant.fr\/wp-content\/uploads\/2024\/02\/K4-23-octobre-Remise-des-prix-du-Concours-des-Maisons-Fleuries-1.jpg\" data-elementor-open-lightbox=\"yes\" data-elementor-lightbox-slideshow=\"7e8c10c\" data-elementor-lightbox-title=\"K4) 23 octobre Remise des prix du Concours des Maisons Fleuries\" data-e-action-hash=\"#elementor-action%3Aaction%3Dlightbox%26settings%3DeyJpZCI6MTA2NTAsInVybCI6Imh0dHBzOlwvXC9jaGF0ZWF1bWVpbGxhbnQuZnJcL3dwLWNvbnRlbnRcL3VwbG9hZHNcLzIwMjRcLzAyXC9LNC0yMy1vY3RvYnJlLVJlbWlzZS1kZXMtcHJpeC1kdS1Db25jb3Vycy1kZXMtTWFpc29ucy1GbGV1cmllcy0xLmpwZyIsInNsaWRlc2hvdyI6IjdlOGMxMGMifQ%3D%3D\">\n\t\t\t\t\t<div class=\"e-gallery-image elementor-gallery-item__image\" data-thumbnail=\"https:\/\/chateaumeillant.fr\/wp-content\/uploads\/2024\/02\/K4-23-octobre-Remise-des-prix-du-Concours-des-Maisons-Fleuries-1-300x300.jpg\" data-width=\"300\" data-height=\"300\" aria-label=\"\" role=\"img\" ><\/div>\n\t\t\t\t\t\t\t\t\t\t\t<div class=\"elementor-gallery-item__overlay\"><\/div>\n\t\t\t\t\t\t\t\t\t\t\t\t\t\t<\/a>\n\t\t\t\t\t\t\t<a class=\"e-gallery-item elementor-gallery-item elementor-animated-content\" href=\"https:\/\/chateaumeillant.fr\/wp-content\/uploads\/2024\/02\/K5-31-octobre-les-petits-castelmeillantais-fetent-Halloween-1.png\" data-elementor-open-lightbox=\"yes\" data-elementor-lightbox-slideshow=\"7e8c10c\" data-elementor-lightbox-title=\"K5) 31 octobre les petits castelmeillantais f\u00eatent Halloween\" data-e-action-hash=\"#elementor-action%3Aaction%3Dlightbox%26settings%3DeyJpZCI6MTA2NTEsInVybCI6Imh0dHBzOlwvXC9jaGF0ZWF1bWVpbGxhbnQuZnJcL3dwLWNvbnRlbnRcL3VwbG9hZHNcLzIwMjRcLzAyXC9LNS0zMS1vY3RvYnJlLWxlcy1wZXRpdHMtY2FzdGVsbWVpbGxhbnRhaXMtZmV0ZW50LUhhbGxvd2Vlbi0xLnBuZyIsInNsaWRlc2hvdyI6IjdlOGMxMGMifQ%3D%3D\">\n\t\t\t\t\t<div class=\"e-gallery-image elementor-gallery-item__image\" data-thumbnail=\"https:\/\/chateaumeillant.fr\/wp-content\/uploads\/2024\/02\/K5-31-octobre-les-petits-castelmeillantais-fetent-Halloween-1-300x300.png\" data-width=\"300\" data-height=\"300\" aria-label=\"\" role=\"img\" ><\/div>\n\t\t\t\t\t\t\t\t\t\t\t<div class=\"elementor-gallery-item__overlay\"><\/div>\n\t\t\t\t\t\t\t\t\t\t\t\t\t\t<\/a>\n\t\t\t\t\t\t\t<a class=\"e-gallery-item elementor-gallery-item elementor-animated-content\" href=\"https:\/\/chateaumeillant.fr\/wp-content\/uploads\/2024\/02\/L0-novembre.jpg\" data-elementor-open-lightbox=\"yes\" data-elementor-lightbox-slideshow=\"7e8c10c\" data-elementor-lightbox-title=\"L0) novembre\" data-e-action-hash=\"#elementor-action%3Aaction%3Dlightbox%26settings%3DeyJpZCI6MTA2NTIsInVybCI6Imh0dHBzOlwvXC9jaGF0ZWF1bWVpbGxhbnQuZnJcL3dwLWNvbnRlbnRcL3VwbG9hZHNcLzIwMjRcLzAyXC9MMC1ub3ZlbWJyZS5qcGciLCJzbGlkZXNob3ciOiI3ZThjMTBjIn0%3D\">\n\t\t\t\t\t<div class=\"e-gallery-image elementor-gallery-item__image\" data-thumbnail=\"https:\/\/chateaumeillant.fr\/wp-content\/uploads\/2024\/02\/L0-novembre-300x300.jpg\" data-width=\"300\" data-height=\"300\" aria-label=\"\" role=\"img\" ><\/div>\n\t\t\t\t\t\t\t\t\t\t\t<div class=\"elementor-gallery-item__overlay\"><\/div>\n\t\t\t\t\t\t\t\t\t\t\t\t\t\t<\/a>\n\t\t\t\t\t\t\t<a class=\"e-gallery-item elementor-gallery-item elementor-animated-content\" href=\"https:\/\/chateaumeillant.fr\/wp-content\/uploads\/2024\/02\/L1-11-novembre-Depot-de-gerbe-au-cimetiere-1.jpg\" data-elementor-open-lightbox=\"yes\" data-elementor-lightbox-slideshow=\"7e8c10c\" data-elementor-lightbox-title=\"L1) 11 novembre D\u00e9p\u00f4t de gerbe au cimeti\u00e8re\" data-e-action-hash=\"#elementor-action%3Aaction%3Dlightbox%26settings%3DeyJpZCI6MTA2NTMsInVybCI6Imh0dHBzOlwvXC9jaGF0ZWF1bWVpbGxhbnQuZnJcL3dwLWNvbnRlbnRcL3VwbG9hZHNcLzIwMjRcLzAyXC9MMS0xMS1ub3ZlbWJyZS1EZXBvdC1kZS1nZXJiZS1hdS1jaW1ldGllcmUtMS5qcGciLCJzbGlkZXNob3ciOiI3ZThjMTBjIn0%3D\">\n\t\t\t\t\t<div class=\"e-gallery-image elementor-gallery-item__image\" data-thumbnail=\"https:\/\/chateaumeillant.fr\/wp-content\/uploads\/2024\/02\/L1-11-novembre-Depot-de-gerbe-au-cimetiere-1-300x300.jpg\" data-width=\"300\" data-height=\"300\" aria-label=\"\" role=\"img\" ><\/div>\n\t\t\t\t\t\t\t\t\t\t\t<div class=\"elementor-gallery-item__overlay\"><\/div>\n\t\t\t\t\t\t\t\t\t\t\t\t\t\t<\/a>\n\t\t\t\t\t\t\t<a class=\"e-gallery-item elementor-gallery-item elementor-animated-content\" href=\"https:\/\/chateaumeillant.fr\/wp-content\/uploads\/2024\/02\/M0-decembre.jpg\" data-elementor-open-lightbox=\"yes\" data-elementor-lightbox-slideshow=\"7e8c10c\" data-elementor-lightbox-title=\"M0) decembre\" data-e-action-hash=\"#elementor-action%3Aaction%3Dlightbox%26settings%3DeyJpZCI6MTA2NTYsInVybCI6Imh0dHBzOlwvXC9jaGF0ZWF1bWVpbGxhbnQuZnJcL3dwLWNvbnRlbnRcL3VwbG9hZHNcLzIwMjRcLzAyXC9NMC1kZWNlbWJyZS5qcGciLCJzbGlkZXNob3ciOiI3ZThjMTBjIn0%3D\">\n\t\t\t\t\t<div class=\"e-gallery-image elementor-gallery-item__image\" data-thumbnail=\"https:\/\/chateaumeillant.fr\/wp-content\/uploads\/2024\/02\/M0-decembre-300x300.jpg\" data-width=\"300\" data-height=\"300\" aria-label=\"\" role=\"img\" ><\/div>\n\t\t\t\t\t\t\t\t\t\t\t<div class=\"elementor-gallery-item__overlay\"><\/div>\n\t\t\t\t\t\t\t\t\t\t\t\t\t\t<\/a>\n\t\t\t\t\t<\/div>\n\t\t\t\t\t<\/div>\n\t\t\t\t<\/div>\n\t\t\t\t\t<\/div>\n\t\t<\/div>\n\t\t\t\t\t<\/div>\n\t\t<\/section>\n\t\t\t\t<\/div>\n\t\t","protected":false},"excerpt":{"rendered":"","protected":false},"author":4,"featured_media":0,"parent":0,"menu_order":0,"comment_status":"closed","ping_status":"closed","template":"","meta":{"footnotes":""},"class_list":["post-10587","page","type-page","status-publish","hentry"],"yoast_head":"<!-- This site is optimized with the Yoast SEO plugin v20.8 - https:\/\/yoast.com\/wordpress\/plugins\/seo\/ -->\n<title>R\u00e9trospective 2023 - Ch\u00e2teaumeillant<\/title>\n<meta name=\"robots\" content=\"index, follow, max-snippet:-1, max-image-preview:large, max-video-preview:-1\" \/>\n<link rel=\"canonical\" href=\"https:\/\/chateaumeillant.fr\/index.php\/retrospective-2023\/\" \/>\n<meta property=\"og:locale\" content=\"fr_FR\" \/>\n<meta property=\"og:type\" content=\"article\" \/>\n<meta property=\"og:title\" content=\"R\u00e9trospective 2023 - Ch\u00e2teaumeillant\" \/>\n<meta property=\"og:url\" content=\"https:\/\/chateaumeillant.fr\/index.php\/retrospective-2023\/\" \/>\n<meta property=\"og:site_name\" content=\"Ch\u00e2teaumeillant\" \/>\n<meta property=\"article:publisher\" content=\"https:\/\/www.facebook.com\/profile.php?id=100064284715172\" \/>\n<meta property=\"article:modified_time\" content=\"2024-02-27T10:18:58+00:00\" \/>\n<meta name=\"twitter:card\" content=\"summary_large_image\" \/>\n<script type=\"application\/ld+json\" class=\"yoast-schema-graph\">{\"@context\":\"https:\/\/schema.org\",\"@graph\":[{\"@type\":\"WebPage\",\"@id\":\"https:\/\/chateaumeillant.fr\/index.php\/retrospective-2023\/\",\"url\":\"https:\/\/chateaumeillant.fr\/index.php\/retrospective-2023\/\",\"name\":\"R\u00e9trospective 2023 - Ch\u00e2teaumeillant\",\"isPartOf\":{\"@id\":\"https:\/\/chateaumeillant.fr\/#website\"},\"datePublished\":\"2024-02-22T13:52:59+00:00\",\"dateModified\":\"2024-02-27T10:18:58+00:00\",\"breadcrumb\":{\"@id\":\"https:\/\/chateaumeillant.fr\/index.php\/retrospective-2023\/#breadcrumb\"},\"inLanguage\":\"fr-FR\",\"potentialAction\":[{\"@type\":\"ReadAction\",\"target\":[\"https:\/\/chateaumeillant.fr\/index.php\/retrospective-2023\/\"]}]},{\"@type\":\"BreadcrumbList\",\"@id\":\"https:\/\/chateaumeillant.fr\/index.php\/retrospective-2023\/#breadcrumb\",\"itemListElement\":[{\"@type\":\"ListItem\",\"position\":1,\"name\":\"Accueil\",\"item\":\"https:\/\/chateaumeillant.fr\/\"},{\"@type\":\"ListItem\",\"position\":2,\"name\":\"R\u00e9trospective 2023\"}]},{\"@type\":\"WebSite\",\"@id\":\"https:\/\/chateaumeillant.fr\/#website\",\"url\":\"https:\/\/chateaumeillant.fr\/\",\"name\":\"Ch\u00e2teaumeillant\",\"description\":\"A la crois\u00e9e des chemins\",\"publisher\":{\"@id\":\"https:\/\/chateaumeillant.fr\/#organization\"},\"alternateName\":\"Site officiel de la ville de Ch\u00e2teaumeillant\",\"potentialAction\":[{\"@type\":\"SearchAction\",\"target\":{\"@type\":\"EntryPoint\",\"urlTemplate\":\"https:\/\/chateaumeillant.fr\/?s={search_term_string}\"},\"query-input\":\"required name=search_term_string\"}],\"inLanguage\":\"fr-FR\"},{\"@type\":\"Organization\",\"@id\":\"https:\/\/chateaumeillant.fr\/#organization\",\"name\":\"Mairie de Ch\u00e2teaumeillant\",\"alternateName\":\"Commune de Ch\u00e2teaumeillant\",\"url\":\"https:\/\/chateaumeillant.fr\/\",\"logo\":{\"@type\":\"ImageObject\",\"inLanguage\":\"fr-FR\",\"@id\":\"https:\/\/chateaumeillant.fr\/#\/schema\/logo\/image\/\",\"url\":\"https:\/\/chateaumeillant.fr\/wp-content\/uploads\/2022\/03\/cropped-logo-CHTMLLT-couleurFichier-44@2x.png\",\"contentUrl\":\"https:\/\/chateaumeillant.fr\/wp-content\/uploads\/2022\/03\/cropped-logo-CHTMLLT-couleurFichier-44@2x.png\",\"width\":1318,\"height\":250,\"caption\":\"Mairie de Ch\u00e2teaumeillant\"},\"image\":{\"@id\":\"https:\/\/chateaumeillant.fr\/#\/schema\/logo\/image\/\"},\"sameAs\":[\"https:\/\/www.facebook.com\/profile.php?id=100064284715172\"]}]}<\/script>\n<!-- \/ Yoast SEO plugin. -->","yoast_head_json":{"title":"R\u00e9trospective 2023 - Ch\u00e2teaumeillant","robots":{"index":"index","follow":"follow","max-snippet":"max-snippet:-1","max-image-preview":"max-image-preview:large","max-video-preview":"max-video-preview:-1"},"canonical":"https:\/\/chateaumeillant.fr\/index.php\/retrospective-2023\/","og_locale":"fr_FR","og_type":"article","og_title":"R\u00e9trospective 2023 - Ch\u00e2teaumeillant","og_url":"https:\/\/chateaumeillant.fr\/index.php\/retrospective-2023\/","og_site_name":"Ch\u00e2teaumeillant","article_publisher":"https:\/\/www.facebook.com\/profile.php?id=100064284715172","article_modified_time":"2024-02-27T10:18:58+00:00","twitter_card":"summary_large_image","schema":{"@context":"https:\/\/schema.org","@graph":[{"@type":"WebPage","@id":"https:\/\/chateaumeillant.fr\/index.php\/retrospective-2023\/","url":"https:\/\/chateaumeillant.fr\/index.php\/retrospective-2023\/","name":"R\u00e9trospective 2023 - Ch\u00e2teaumeillant","isPartOf":{"@id":"https:\/\/chateaumeillant.fr\/#website"},"datePublished":"2024-02-22T13:52:59+00:00","dateModified":"2024-02-27T10:18:58+00:00","breadcrumb":{"@id":"https:\/\/chateaumeillant.fr\/index.php\/retrospective-2023\/#breadcrumb"},"inLanguage":"fr-FR","potentialAction":[{"@type":"ReadAction","target":["https:\/\/chateaumeillant.fr\/index.php\/retrospective-2023\/"]}]},{"@type":"BreadcrumbList","@id":"https:\/\/chateaumeillant.fr\/index.php\/retrospective-2023\/#breadcrumb","itemListElement":[{"@type":"ListItem","position":1,"name":"Accueil","item":"https:\/\/chateaumeillant.fr\/"},{"@type":"ListItem","position":2,"name":"R\u00e9trospective 2023"}]},{"@type":"WebSite","@id":"https:\/\/chateaumeillant.fr\/#website","url":"https:\/\/chateaumeillant.fr\/","name":"Ch\u00e2teaumeillant","description":"A la crois\u00e9e des chemins","publisher":{"@id":"https:\/\/chateaumeillant.fr\/#organization"},"alternateName":"Site officiel de la ville de Ch\u00e2teaumeillant","potentialAction":[{"@type":"SearchAction","target":{"@type":"EntryPoint","urlTemplate":"https:\/\/chateaumeillant.fr\/?s={search_term_string}"},"query-input":"required name=search_term_string"}],"inLanguage":"fr-FR"},{"@type":"Organization","@id":"https:\/\/chateaumeillant.fr\/#organization","name":"Mairie de Ch\u00e2teaumeillant","alternateName":"Commune de Ch\u00e2teaumeillant","url":"https:\/\/chateaumeillant.fr\/","logo":{"@type":"ImageObject","inLanguage":"fr-FR","@id":"https:\/\/chateaumeillant.fr\/#\/schema\/logo\/image\/","url":"https:\/\/chateaumeillant.fr\/wp-content\/uploads\/2022\/03\/cropped-logo-CHTMLLT-couleurFichier-44@2x.png","contentUrl":"https:\/\/chateaumeillant.fr\/wp-content\/uploads\/2022\/03\/cropped-logo-CHTMLLT-couleurFichier-44@2x.png","width":1318,"height":250,"caption":"Mairie de Ch\u00e2teaumeillant"},"image":{"@id":"https:\/\/chateaumeillant.fr\/#\/schema\/logo\/image\/"},"sameAs":["https:\/\/www.facebook.com\/profile.php?id=100064284715172"]}]}},"_links":{"self":[{"href":"https:\/\/chateaumeillant.fr\/index.php\/wp-json\/wp\/v2\/pages\/10587","targetHints":{"allow":["GET"]}}],"collection":[{"href":"https:\/\/chateaumeillant.fr\/index.php\/wp-json\/wp\/v2\/pages"}],"about":[{"href":"https:\/\/chateaumeillant.fr\/index.php\/wp-json\/wp\/v2\/types\/page"}],"author":[{"embeddable":true,"href":"https:\/\/chateaumeillant.fr\/index.php\/wp-json\/wp\/v2\/users\/4"}],"replies":[{"embeddable":true,"href":"https:\/\/chateaumeillant.fr\/index.php\/wp-json\/wp\/v2\/comments?post=10587"}],"version-history":[{"count":8,"href":"https:\/\/chateaumeillant.fr\/index.php\/wp-json\/wp\/v2\/pages\/10587\/revisions"}],"predecessor-version":[{"id":10808,"href":"https:\/\/chateaumeillant.fr\/index.php\/wp-json\/wp\/v2\/pages\/10587\/revisions\/10808"}],"wp:attachment":[{"href":"https:\/\/chateaumeillant.fr\/index.php\/wp-json\/wp\/v2\/media?parent=10587"}],"curies":[{"name":"wp","href":"https:\/\/api.w.org\/{rel}","templated":true}]}}